{"id":54,"date":"2014-07-18T23:15:08","date_gmt":"2014-07-18T21:15:08","guid":{"rendered":"http:\/\/localhost\/SaachHuerens\/?page_id=54"},"modified":"2019-12-22T19:19:25","modified_gmt":"2019-12-22T17:19:25","slug":"mundart","status":"publish","type":"page","link":"http:\/\/www.saachhuerens.de\/?page_id=54","title":{"rendered":"Mundart"},"content":{"rendered":"<h3 style=\"text-align: center;\"><span style=\"font-family: 'book antiqua', palatino, serif;\"><strong>D\u00e4 Adventskranz<\/strong><\/span><\/h3>\n<p><span style=\"font-family: 'book antiqua', palatino, serif;\">Vier K\u00e4\u00e4tze d\u00e4ten am Adventskranz brenne. Ett woor janz still &#8211; e&#8216; su still, datt m&#8216; r<br \/>\n<\/span><span style=\"font-family: 'book antiqua', palatino, serif;\">h\u00fcre kunnt, wie die K\u00e4\u00e4ze ahnfinge ze schwade.<br \/>\n<\/span><span style=\"font-family: 'book antiqua', palatino, serif;\">Die ierschte K\u00e4\u00e4z woor am K\u00fchme unn saat:<br \/>\n<\/span><span style=\"font-family: 'book antiqua', palatino, serif;\">\u201eIch hee\u00dfe \u201eFredde\u201c. Ming Leech jitt Sicherheet, \u00e4wer die Minsche dunn keene <\/span><br \/>\n<span style=\"font-family: 'book antiqua', palatino, serif;\">Fredde halde.<br \/>\n<\/span><span style=\"font-family: 'book antiqua', palatino, serif;\">Se wullen mich nitt.\u201c<br \/>\n<\/span><span style=\"font-family: 'book antiqua', palatino, serif;\">Datt Leech vunn der ierschte K\u00e4\u00e4z wood kleener unn kleener, fing ahn zo flackere unn\u00a0 <\/span><span style=\"font-family: 'book antiqua', palatino, serif;\">jing koot drop uss.<br \/>\n<\/span><span style=\"font-family: 'book antiqua', palatino, serif;\">Die zweite K\u00e4\u00e4z d\u00e4\u00e4t flackere unn saat:<br \/>\n<\/span><span style=\"font-family: 'book antiqua', palatino, serif;\">\u201eIch hee\u00dfe \u201eJl\u00e4uve\u201c. \u00c4wer ich f\u00f6hle mich \u00fcwerfl\u00fcssich. Die Minsche jl\u00f6ven an jahnix\u00a0 <\/span><span style=\"font-family: 'book antiqua', palatino, serif;\">mieh.<br \/>\n<\/span><span style=\"font-family: 'book antiqua', palatino, serif;\">Ett h\u00e4tt keene Sinn, datt ich brenne.\u201c Unn och die zweite K\u00e4\u00e4z jing uss.<br \/>\n<\/span><span style=\"font-family: 'book antiqua', palatino, serif;\">Lees unn \u00e4rch zaachhaff d\u00e4\u00e4t die dritte K\u00e4\u00e4z sich zo Woot melde:<br \/>\n<\/span><span style=\"font-family: 'book antiqua', palatino, serif;\">\u201eF\u00f6r mich jitt ett in d&#8217;r k\u00f6lschen Sprooch eejentlich kinn Woot. <\/span><br \/>\n<span style=\"font-family: 'book antiqua', palatino, serif;\">Ich hee\u00dfe \u201eLiebe\u201c.<br \/>\n<\/span><span style=\"font-family: 'book antiqua', palatino, serif;\">Ich hann kinn Kraff mieh ze brenne. Die Minsche denken nor an sich. Se sinn nor sich\u00a0 <\/span><span style=\"font-family: 'book antiqua', palatino, serif;\">sellefs unn wullen kinn andere L\u00fcck jl\u00f6cklich maache.\u201c<br \/>\n<\/span><span style=\"font-family: 'book antiqua', palatino, serif;\">F\u00f6r e&#8216; letztes Mol d\u00e4\u00e4t se opflackere, unn dann woor och datt Leech ussjel\u00f6sch.<br \/>\n<\/span><span style=\"font-family: 'book antiqua', palatino, serif;\">Do kom e<sup>&#8218;<\/sup> klee Kingk in ett Zimmer. Ett d\u00e4\u00e4t sich wundere, datt die K\u00e4\u00e4ze am <\/span><br \/>\n<span style=\"font-family: 'book antiqua', palatino, serif;\">Adventskranz uss woore, unn ett sat janz traurich:<br \/>\n<\/span><span style=\"font-family: 'book antiqua', palatino, serif;\">\u201e\u00c4wer ihr sullt doch brenne unn nitt uss sin\u201c.<br \/>\n<\/span><span style=\"font-family: 'book antiqua', palatino, serif;\">Do d\u00e4\u00e4t sich die vierte K\u00e4\u00e4z melde unn saat:<br \/>\n<\/span><span style=\"font-family: 'book antiqua', palatino, serif;\">\u201eBess nitt bang, denn e&#8217;su lang wie ich brenne, k\u00fcnnen mir och die andere K\u00e4\u00e4ze <\/span><br \/>\n<span style=\"font-family: 'book antiqua', palatino, serif;\">widder ahnsteche unn an ett Brenne krieje.\u201c<br \/>\n<\/span><span style=\"font-family: 'book antiqua', palatino, serif;\">Ich hee\u00dfe \u201eHoffnung\u201c.<br \/>\n<\/span><span style=\"font-family: 'book antiqua', palatino, serif;\">Met nemm kleene St\u00fcckelche Holz d\u00e4\u00e4t datt kleen Kingk ett Leech vunn der vierte <\/span><br \/>\n<span style=\"font-family: 'book antiqua', palatino, serif;\">K\u00e4\u00e4z nemme unn d\u00e4\u00e4t domet widder, \u201eFredde, Jl\u00e4uv unn Liebe\u201c erwecke.<\/span><\/p>\n<h3 style=\"text-align: center;\"><strong>Ett woor widder jede Menge loss bei uns:<\/strong><\/h3>\n<ul>\n<li>am 27. Januar hatten mir die 5. Jru\u00dfe Kost\u00fcmsitzung in d\u2019r Jabachhall met jede Menge Stars us demm rheinischen Karneval, L\u00fchmere Vereine unn unsere tolle eejene P\u00e4nz.<\/li>\n<li>am 23. Februar hatten m\u2019r dann uns \u201eDankesch\u00f6n-Fete\u201c f\u00f6r all die nette L\u00fcck, die uns bei d\u2018r Sitzung jehollefe hann.<\/li>\n<li>am 19. April woor Mitjliederversammlung met V\u00f6rstandswahlen.<\/li>\n<li>am 27. April wooren Antweiler,Graf &amp; Co att zum dritte M\u00f4l \u201eOp d\u2019r Baach\u201c, wo mir unn uns J\u00e4ste zesamme mimm Diettantenverein Neuhonrath widder ne unverjessliche k\u00f6lsche \u00d4vend<\/li>\n<li><strong>n\u00f4h de Summerferien jing ett dann im September bei uns su richtich aff:<\/strong><\/li>\n<li>am 11. September woor unsere V\u00f6rstand op J\u00f6ck in K\u00f6lle.<\/li>\n<li>am 15. September simmer met unsere Mitjlieder n\u00f4h Sch\u00f6nenberch jetallep unn hann uns d\u00f4 datt wundersch\u00f6ne unn interessante Heimatmuseum vumm Kurt Oberd\u00f6rster ahnjeluurt, Ett j\u00f4v och leckere Berjische Waffele.<\/li>\n<li>am 21. September h\u00e4tt unsere V\u00f6rsitzende Erwin Ru\u00dfkowski zesamme mimm Philipp Oebel uss K\u00f6lle \u201eOp d\u2019r Baach\u201c att zum zweiten M\u00f4l ne wunderbare \u00d4vend met \u201eKr\u00e4tzjer unn Verz\u00e4llcher\u201c jestaltet.<\/li>\n<li>am 28. September jing ett in d\u2018r \u201eAlten F\u00e4hre\u201c widder aff beim 4. \u201eMitsing-\u00d4vend\u201c mem Andreas Konrad unn singer Quetsch.<\/li>\n<li>am 2. November woor unsere traditionelle \u201eLoss m\u2019r schwade \u00d4vend\u201c In d\u2019r \u201eAlten Linde in Wahlscheed\u201c.<\/li>\n<li>am 24. November j\u00f4v ett e\u2018 Mundart-Seminar im ev. Jemeindehuus in Luhme.<\/li>\n<li>am 8.\/9.Dezember hammer uns widder am \u201eL\u00fchmere Chrissmaat\u201c beteilich, unn<\/li>\n<li>am Samsdaach, 16. Februar 2019 is dann uns 6. Kost\u00fcmsitzung in d\u2019r Jabachhall.<\/li>\n<li>unn m\u2019r hatten diss Johr och noch drei \u201eMitjlieder-Stammdesche\u201c im Aujuss, September, Oktober unn November im L\u00fchmere \u201eSchwanenhoff\u201c.<\/li>\n<\/ul>\n<p>M\u00f4l seh\u2019n: villeech maachen m\u2019r n\u00e4chs Johr ens jett Anderes.<br \/>\nDatt mietste d\u00f4vunn wulle m\u2019r op jeden Fall widder su maache.<br \/>\nUnn wer immer noch dengk, mir w\u00f6ren ne Karnevalsverein, der sull wesse, datt mir als\u00a0 \u201eBrauchtumsverein\u201c ett janze Johr \u00fcvver aktiv sinn, watt m\u2019r j\u00f4 janz joot bovven an unserem Projramm sehen kann.<br \/>\nWer bei uns metmaache unn uns ungerst\u00fctze well, iss h\u00e4tzlich injelade.<\/p>\n<p><strong>\u00dchre \u201eSaach h\u00fcr ens\u201c Lohmar e.V.<\/strong><\/p>\n<p><span style=\"font-size: 10pt;\">Aus der Arbeit der Mundartgruppe der MKS Lohmar:<\/span><\/p>\n<p style=\"text-align: center;\"><span style=\"color: #000000; font-weight: bold; font-style: italic; font-size: 16pt;\"><strong>Heimat is \u2026<\/strong><\/span><\/p>\n<p><span style=\"font-size: 12pt;\">Mir hann uns in unserer Mundartjrupp ens e\u2018 paar Jedanke d\u00f4dr\u00fcvver jemaat, watt \u201eHeimat\u201c is, unn watt datt f\u00f6r uns bed\u00fcck.<\/span><\/p>\n<p><span style=\"font-size: 12pt;\">Unn datt is d\u00f4bei erruss jekumme:<\/span><\/p>\n<p style=\"text-align: center;\"><span style=\"color: #000000; font-weight: bold; font-style: italic;\"><strong><span style=\"font-size: 10pt;\">&#8211;\u00a0\u00a0\u00a0\u00a0\u00a0\u00a0\u00a0\u00a0\u00a0 Heimat is d\u00f4, wo ich jeb\u00f4re ben.<\/span><\/strong><\/span><\/p>\n<p style=\"text-align: center;\"><span style=\"color: #000000; font-weight: bold; font-style: italic;\"><strong><span style=\"font-size: 10pt;\">&#8211;\u00a0\u00a0\u00a0\u00a0\u00a0\u00a0\u00a0\u00a0\u00a0 Heimat is de Famillich.<\/span><\/strong><\/span><\/p>\n<p style=\"text-align: center;\"><span style=\"color: #000000; font-weight: bold; font-style: italic;\"><strong><span style=\"font-size: 10pt;\">&#8211;\u00a0\u00a0\u00a0\u00a0\u00a0\u00a0\u00a0\u00a0\u00a0 Heimat is, wo ming Famillich l\u00e4v.<\/span><\/strong><\/span><\/p>\n<p style=\"text-align: center;\"><span style=\"color: #000000; font-weight: bold; font-style: italic;\"><strong><span style=\"font-size: 10pt;\">&#8211;\u00a0\u00a0\u00a0\u00a0\u00a0\u00a0\u00a0\u00a0\u00a0 Heimat is, wo ming Fr\u00fcnde sinn.<\/span><\/strong><\/span><\/p>\n<p style=\"text-align: center;\"><span style=\"color: #000000; font-weight: bold; font-style: italic;\"><strong><span style=\"font-size: 10pt;\">&#8211;\u00a0\u00a0\u00a0\u00a0\u00a0\u00a0\u00a0\u00a0\u00a0 Heimat is, met jode Fr\u00fcnde zo fiere un Spass zo hann.<\/span><\/strong><\/span><\/p>\n<p style=\"text-align: center;\"><span style=\"color: #000000; font-weight: bold; font-style: italic;\"><strong><span style=\"font-size: 10pt;\">&#8211;\u00a0\u00a0\u00a0\u00a0\u00a0\u00a0\u00a0\u00a0\u00a0 Heimat is, wo ich mich usskenne.<\/span><\/strong><\/span><\/p>\n<p style=\"text-align: center;\"><span style=\"color: #000000; font-weight: bold; font-style: italic;\"><strong><span style=\"font-size: 10pt;\">&#8211;\u00a0\u00a0\u00a0\u00a0\u00a0\u00a0\u00a0\u00a0\u00a0 Heimat is, wo ich ming Hobbies hann.<\/span><\/strong><\/span><\/p>\n<p style=\"text-align: center;\"><span style=\"color: #000000; font-weight: bold; font-style: italic;\"><strong><span style=\"font-size: 10pt;\">&#8211;\u00a0\u00a0\u00a0\u00a0\u00a0\u00a0\u00a0\u00a0\u00a0 Heimat is, wo ich jl\u00f6cklich unn zofredde bin.<\/span><\/strong><\/span><\/p>\n<p style=\"text-align: center;\"><span style=\"color: #000000; font-weight: bold; font-style: italic;\"><strong><span style=\"font-size: 10pt;\">&#8211;\u00a0\u00a0\u00a0\u00a0\u00a0\u00a0\u00a0\u00a0\u00a0 Heimat is, wo ich mich joot un jeborrje f\u00f6hle kann<\/span><\/strong><\/span><\/p>\n<p style=\"text-align: center;\"><span style=\"color: #000000; font-weight: bold; font-style: italic;\"><strong><span style=\"font-size: 10pt;\">&#8211;\u00a0\u00a0\u00a0\u00a0\u00a0\u00a0\u00a0\u00a0\u00a0 Heimat is, wo Minsche levve, die ich kenne, die ich j\u00e4hn hann.<\/span><\/strong><\/span><\/p>\n<p style=\"text-align: center;\"><span style=\"color: #000000; font-weight: bold; font-style: italic;\"><strong><span style=\"font-size: 10pt;\">&#8211;\u00a0\u00a0\u00a0\u00a0\u00a0\u00a0\u00a0\u00a0\u00a0 Heimat is d\u00f4, wo m\u2019r mich versteht unn ich die L\u00fcck verstonn.<\/span><\/strong><\/span><\/p>\n<p style=\"text-align: center;\"><span style=\"color: #000000; font-weight: bold; font-style: italic;\"><strong><span style=\"font-size: 10pt;\">&#8211;\u00a0\u00a0\u00a0\u00a0\u00a0\u00a0\u00a0\u00a0\u00a0 Heimat is, wo ich mich zohuss f\u00f6hle.<\/span><\/strong><\/span><\/p>\n<p style=\"text-align: center;\"><span style=\"color: #000000; font-weight: bold; font-style: italic;\"><strong><span style=\"font-size: 10pt;\">&#8211;\u00a0\u00a0\u00a0\u00a0\u00a0\u00a0\u00a0\u00a0\u00a0 Heimat is d\u00f4, wo de maache kanns, watt de wills unn watt dir Spass m\u00e4\u00e4t.<\/span><\/strong><\/span><\/p>\n<p style=\"text-align: center;\"><span style=\"color: #000000; font-weight: bold; font-style: italic;\"><strong><span style=\"font-size: 10pt;\">&#8211;\u00a0\u00a0\u00a0\u00a0\u00a0\u00a0\u00a0\u00a0\u00a0 Heimat sinn die k\u00f6lschen Leeder, die m\u2018r singe.<\/span><\/strong><\/span><\/p>\n<p style=\"text-align: center;\"><span style=\"color: #000000; font-weight: bold; font-style: italic;\"><strong><span style=\"font-size: 10pt;\">&#8211;\u00a0\u00a0\u00a0\u00a0\u00a0\u00a0\u00a0\u00a0\u00a0 Heimat is, wo de Minsche \u00f6mm dich h\u00e4ss, die f\u00f6r dich d\u00f4 sinn.<\/span><\/strong><\/span><\/p>\n<p style=\"text-align: center;\"><span style=\"color: #000000; font-weight: bold; font-style: italic;\"><strong><span style=\"font-size: 10pt;\">&#8211;\u00a0\u00a0\u00a0\u00a0\u00a0\u00a0\u00a0\u00a0\u00a0 Heimat is datt D\u00f6rp unn die Ladschaff, in der ich levve.<\/span><\/strong><\/span><\/p>\n<p style=\"text-align: center;\"><span style=\"color: #000000; font-weight: bold; font-style: italic;\"><strong><span style=\"font-size: 10pt;\">&#8211;\u00a0\u00a0\u00a0\u00a0\u00a0\u00a0\u00a0\u00a0\u00a0 Heimat sinn die W\u00e4je unn Str\u00f4\u00dfe, die ich jeden Daach jonn<\/span><\/strong><\/span><\/p>\n<p style=\"text-align: center;\"><span style=\"color: #000000; font-weight: bold; font-style: italic;\"><strong><span style=\"font-size: 10pt;\">&#8211;\u00a0\u00a0\u00a0\u00a0\u00a0\u00a0\u00a0\u00a0\u00a0 Heimat sinn die Tradizione unn Feste wie Kirmes unn\u00a0 Karneval.<\/span><\/strong><\/span><\/p>\n<p style=\"text-align: center;\"><span style=\"color: #000000; font-weight: bold; font-style: italic;\"><strong><span style=\"font-size: 10pt;\">&#8211;\u00a0\u00a0\u00a0\u00a0\u00a0\u00a0\u00a0\u00a0\u00a0 Heimat sinn Weihnaach unn Osterre<\/span><\/strong><\/span><\/p>\n<p style=\"text-align: center;\"><span style=\"color: #000000; font-weight: bold; font-style: italic;\"><strong><span style=\"font-size: 10pt;\">&#8211;\u00a0 \u00a0 \u00a0 \u00a0 \u00a0 Heimat is uns Spr\u00f4\u00f4ch unn die Mundart in unserer J\u00e4jend.<\/span><\/strong><\/span><\/p>\n<p style=\"text-align: center;\"><span style=\"color: #000000; font-weight: bold; font-style: italic;\"><strong><span style=\"font-size: 10pt;\">&#8211;\u00a0\u00a0\u00a0\u00a0\u00a0\u00a0\u00a0\u00a0\u00a0 Heimat bis datt Huus, in demm ich levve.<\/span><\/strong><\/span><\/p>\n<p style=\"text-align: center;\"><span style=\"color: #000000; font-weight: bold; font-style: italic;\"><strong><span style=\"font-size: 10pt;\">&#8211;\u00a0\u00a0\u00a0\u00a0\u00a0\u00a0\u00a0\u00a0\u00a0 Heimat is d\u00f4, wo ich mich usskenne.<\/span><\/strong><\/span><\/p>\n<p style=\"text-align: center;\"><span style=\"color: #000000; font-weight: bold; font-style: italic;\"><strong><span style=\"font-size: 10pt;\">&#8211;\u00a0\u00a0\u00a0\u00a0\u00a0\u00a0\u00a0\u00a0\u00a0 Heimat is f\u00f6r mich och, zo wisse, wie die L\u00fcck \u00f6mm mich err\u00f6mm sinn.<\/span><\/strong><\/span><\/p>\n<p style=\"text-align: center;\"><span style=\"color: #000000; font-weight: bold; font-style: italic;\"><strong><span style=\"font-size: 10pt;\">&#8211;\u00a0\u00a0\u00a0\u00a0\u00a0\u00a0\u00a0\u00a0\u00a0 Heimat sinn datt Wedder unn die Johreszigge<\/span><\/strong><\/span><\/p>\n<p style=\"text-align: center;\"><span style=\"color: #000000; font-weight: bold; font-style: italic;\"><strong><span style=\"font-size: 10pt;\">&#8211;\u00a0\u00a0\u00a0\u00a0\u00a0\u00a0\u00a0\u00a0\u00a0 Heimat is der Duff vunn\u00a0 typischem Esse bei uns.<\/span><\/strong><\/span><\/p>\n<p style=\"text-align: center;\"><span style=\"color: #000000; font-weight: bold; font-style: italic;\"><strong><span style=\"font-size: 10pt;\">&#8211;\u00a0\u00a0\u00a0\u00a0\u00a0\u00a0\u00a0\u00a0\u00a0 Heimat is ming Lieblingsesse.<\/span><\/strong><\/span><\/p>\n<p style=\"text-align: center;\"><span style=\"color: #000000; font-weight: bold; font-style: italic;\"><strong><span style=\"font-size: 10pt;\">&#8211;\u00a0\u00a0\u00a0\u00a0\u00a0\u00a0\u00a0\u00a0\u00a0 Heimat is der Jlockeklang vunn der Kirche bei uns.<\/span><\/strong><\/span><\/p>\n<p style=\"text-align: center;\"><span style=\"color: #000000; font-weight: bold; font-style: italic;\"><strong><span style=\"font-size: 10pt;\">&#8211;\u00a0\u00a0\u00a0\u00a0\u00a0\u00a0\u00a0\u00a0\u00a0 Heimat sinn die L\u00fcck, die ich jeden Daach sinn unn met denne ich zo dunn hann.<\/span><\/strong><\/span><\/p>\n<p style=\"text-align: center;\"><span style=\"color: #000000; font-weight: bold; font-style: italic;\"><strong><span style=\"font-size: 10pt;\">&#8211;\u00a0\u00a0\u00a0\u00a0\u00a0\u00a0\u00a0\u00a0\u00a0 Heimat is datt, watt ich vermisse, wenn ich nitt zohuss ben.<\/span><\/strong><\/span><\/p>\n<p style=\"text-align: center;\"><span style=\"color: #000000; font-weight: bold; font-style: italic;\"><strong><span style=\"font-size: 10pt;\">&#8211;\u00a0\u00a0\u00a0\u00a0\u00a0\u00a0\u00a0\u00a0\u00a0 Heimat is ett Sch\u00f6nste unn Beste, watt ett jitt<\/span><\/strong><\/span><\/p>\n<h3 style=\"text-align: center;\">\u2026 Watt su l\u00f6\u00f6f bei uns<\/h3>\n<p>Mir vun<strong> \u201cSaach h\u00fcr ens\u201c<\/strong> w\u00f4ren och im letzten Johr widder janz sch\u00f6n aktiv:<\/p>\n<ul>\n<li>am 10. Februar hatten mir die 4. Jru\u00dfe Kost\u00fcmsitzung in d\u2019r Jabachhall met jede Menge Stars us demm rheinischen Karneval, L\u00fchmere Vereine un unsere tolle eejene P\u00e4nz<\/li>\n<li>am 18. M\u00e4rz hatte m\u2018r en \u201eDankesch\u00f6n-Fete\u201c f\u00f6r all die nette L\u00fcck, die uns bei d\u2018r Sitzung jehollefe hann<\/li>\n<li>am 31. M\u00e4rz woor ett ierschte M\u00f4l der jelungene \u00d4vend \u201eKr\u00e4tzjer unn Verz\u00e4llcher\u201c op de Baach in Neuhonrath mem Philipp Oebel un mem Erwin Ru\u00dfkowski<\/li>\n<li>am 19. April woor Mitjiederversammlung<\/li>\n<li>am 12. Mai hammer widder zesamme mem \u201eDilettanten Verein\u201c in Neuhonrath vill Spass jehatt beim 3. wundersch\u00f6ne k\u00f6lsche \u00d4vend met d\u2019r Kultband \u201eAntweiler, Graf und Co\u201c<\/li>\n<li>am 10. Juni simmer mem Charly Halft bei n\u2019r Stadtf\u00fchrung in Mundart durch Sieburch jetallep.<\/li>\n<li>drei herrliche \u201eSchwad.\u00d4vende\u201c met de Schleiers uss Bonn hatten m\u2018r am 21.September, un am 12. un am 26.Oktober in d\u2019r \u201eAlten Linde\u201c in Wahlscheed\u201c.<\/li>\n<li>am 29. September jing et in d\u2018r \u201eAlten F\u00e4hre\u201c widder aff beim 4. \u201eMitsing-\u00d4vend\u201c mem Andreas Konrad un singer Quetsch<\/li>\n<li>am 9.\/10.Dezember hammer uns traditionell am \u201eL\u00fchmere Chrissmaat\u201c beteilich, unn<\/li>\n<li>am Samsdaach, 27.Januar 2018 is dann uns 5. Kost\u00fcmsitzung in d\u2019r Jabachhall.<\/li>\n<\/ul>\n<p>Datt mietste d\u00f4vunn wulle m\u2019r n\u00e4chs Johr och widder su maache. D\u00f4met \u00e4vver nitt jenooch:<\/p>\n<h4><strong>Mir hann noch vill mieh jedonn:<\/strong><\/h4>\n<p>Su hammer z.B. wie jedes Johr die P\u00e4nz uss d\u2019r Mundartjrupp vunn de L\u00fchmere Musik- un Kunstschull ungerst\u00fctz met \u00a0B\u00f6\u00f6cher unn met Fachl\u00fcck f\u00fcr \u201eB\u00fchnenarbeet\u201c im Karneval. Datt h\u00e4tt sich ussjezahlt, denn uns P\u00e4nz sinn jetz sujjar in K\u00f6lle erfolchreich unn bekannt. All P\u00e4nz vunn d\u2019r Mundartjrupp hann in der letzte vier Johr bei \u00fcvver 120 Veranstaltunge mieh als 180 Auftritte hinger sich jebraat! Die k\u00fcnnen jetz janze \u201eRheinische \u00d4vende!\u201c jestalten \u2013 ejahl op em Summer oder in d\u2019r Adventszick.<\/p>\n<p>Unn wer immer noch dengk, mir w\u00f6ren ne Karnevalsverein, der sull wesse, dat mir als\u00a0 \u201eBrauchtumsverein\u201c et janze Johr \u00fcvver aktiv sinn, watt m\u2019r j\u00f4 janz joot bovven an unserem Projramm sehen kann.<\/p>\n<p>Wer bei uns metmaache unn uns ungerst\u00fctze well, iss h\u00e4tzlich injelade.<\/p>\n<p><strong>\u00dchre \u201eSaach h\u00fcr ens\u201c Lohmar e.V.<\/strong><\/p>\n<h3><\/h3>\n<h3><\/h3>\n<h3><\/h3>\n<h3 style=\"text-align: center;\"><strong>Weihnaachte h\u00fcckzedaachs<\/strong><\/h3>\n<p>(En heiter besinnliche Weihnachtsjeschichte in rheinischer Mundart, frei nomm Lukas Evanjelium, verz\u00e4llt vumm Erwin Ru\u00dfkowski)<\/p>\n<p>Ett bej\u00f4v sich \u00e4vver, datt e\u2018 Jebott vunn denne Wirtschaftsbosse ussjing, datt all L\u00fcck im Land ihr Weihnaachsjeld unger ett Volk br\u00e4nge sullten. Unn datt Jebott woor nitt ett Ierschte unn k\u00f4m erruss,\u00a0 als ett Merkels Angela die Cheffin vunn d\u2019r Bundesrejierung in Berlin woor. Unn all tr\u00f4ken se loss, \u00f6mm ett Jeld usszejevve \u2013 jeder eener in sing Stadt. D\u00f4 maaten sich och de Kuttenkeulers P\u00e4ul, de Herchenbachs Fred unn de Miebachs Hein uss ihre D\u00f6rp unn K\u00e4ffer op der W\u00e4\u00e4ch n\u00f4 Bunn unn K\u00f6lle, weil ett d\u00f4 e\u2018 jr\u00fc\u00dfer Anjebott f\u00f6r Weihnaachsjeschenke ze koofe j\u00f4\u00f4v. Unn met im Auto s\u00f4\u00dfen Frau unn P\u00e4nz. Unn als se in die Stadt errinn k\u00f4men, k\u00f4m die Zick, datt se ne Parkplatz s\u00f6ke m\u00f4ten. Unn se s\u00f6kten unn s\u00f6kten unn fungen doch nix, denn in der Parkh\u00fcser woor kinne Plaatz f\u00f6r e\u2018 su vill Autos. Zoletz d\u00e4ten se \u00e4vver doch en janz kleen Parkl\u00fcck finge, unn Miebachs stellten ihr Auto op ennem zimmlich enge Trottewar aff, denn se hatten j\u00f4 s\u00fcnns kinne Plaatz jefunge. Unn in derselven\u00a0 Stadt wooren noch vill mieh Minsche ungerw\u00e4chs. Die w\u00f6hlten sich durch die Foo\u00dfj\u00e4ngerzone unn durch die Anjebote vunn der Kaufh\u00fcser. Der Papp k\u00f4\u00f4m sich f\u00fcr wie beim \u201eLange Samsdaach in d\u2018r City\u201c in demm Leed vunn de Bl\u00e4ck F\u00f6\u00f6ss \u2013 \u00e4vver datt d\u00e4\u00e4t h\u00e4 janz fl\u00f6ck verdr\u00e4nge, denn datt woor j\u00f4 kinn Weihnaachsleed. \u00c4vver \u00f6vverall k\u00f4\u00f4men Weihnaachtsleedcher uss de Lautsprecher &#8211; eent n\u00f4 demm andere &#8211; unn\u00a0 en Stimm spr\u00f4\u00f4ch zo inne unn saat: \u201eHatt kinn Angs. Ich verz\u00e4lle \u00fcch jett, d\u00f4 k\u00fcnnt ihr all janz vill Spass unn Freud draan hann: Jrad\u2018 sinn widder neue Weihnaachssonderanjebote innjetroffe, die \u00fcch unn \u00fchre P\u00e4z vill Freud maache w\u00e4de. Unn datt Eene merkt \u00fcch: keener iss su billich wie mir. He bei uns k\u00fcnnt ihr alles finge: Spillzeuch, Smartphones, Parf\u00fcmm unn Schmuck.\u201c Unn kuurt dropp wooren d\u00f4 noch mieh K\u00e4ufer, die d\u00e4\u00e4ten all datt Kaufhuus lovve unn saaten: \u201eWatt f\u00fcr tolle Jeschenk-Ideen f\u00fcr Jruu\u00dfe unn Kleene. M\u2018r k\u00fctt sich f\u00fcr wie im Sunnesching\u201c \u00a0\u2026unn \u00f6vver de Ladenthek jeht Sching f\u00f6r Sching. Unn ett bej\u00f4v sich, datt der \u201eLange Samsdaach\u201c op ett Eng ahn jing, unn Miebachs, voll jepack met T\u00fctte unn Pakete \u00a0&#8211; unn mit leerem B\u00fcggel &#8211; \u00a0op heem ahn jinge unn ihr Auto s\u00f6\u00f6kten. Se wooren all zimmlich kapott unn m\u00f6\u00f6d. Irjendw\u00f4 woor eener am schreie: \u201eDie letzten zwei Hillije drei K\u00fcnninge\u201c. Unn wie se \u00f6mm die Eck k\u00f4men, stunten se op eem\u00f4l midden om Weihnaachsmaat. Unn d\u00f4 \u00a0\u00a0&#8211; janz pl\u00f6tzlich \u2013 \u00a0entdeck der kleene Miebachs Pitter in n\u2018r Holzbud en Kripp unn fr\u00f6\u00f6ch: \u201e Vatter! \u00a0\u00a0\u00a0Watt iss datt?\u201cUnn Papp unn Mamm luuren sich verl\u00e4jen ahn: Die Kripp!! \u00a0\u00a0\u00a0\u00a0Ach j\u00f4:\u00a0\u00a0 \u00a0\u00a0\u2026die Kripp! D\u00f4 woor doch noch jett\u2026 Unn se stellen iersch e\u2019m\u00f4\u00f4l\u00a0 die Inkoofst\u00fctte aff.<\/p>\n<p>Vatter unn Mutter luuren wie zwei kleene P\u00e4nz met jlasijje Auje op die Kripp, unn m\u2019r s\u00fcht inne ahn, datt se am simmeliere sinn:<\/p>\n<p><strong>Die Kripp \u00a0\u00a0\u00a0\u00a0\u00a0\u00a0\u2026 unn die Hillije Famillich.<\/strong><\/p>\n<p><strong>Unn d\u00f4 is j\u00f4 och noch der St\u00e4\u00e4n!\u00a0\u00a0\u00a0\u00a0\u00a0\u00a0\u00a0 <\/strong><\/p>\n<p><strong>Der St\u00e4\u00e4n vunn Bethlehem!<\/strong><\/p>\n<p><![if !IE]><iframe loading=\"lazy\" src=\"http:\/\/docs.google.com\/viewer?url=http%3A%2F%2Fwww.saachhuerens.de%2Fwp-content%2Fuploads%2F2016%2F11%2F2016-09-12-2017-VK-JH-94.pdf&amp;embedded=true\" class=\"pdf\" frameborder=\"0\" style=\"height:1000px;width:705px;border:0\" width=\"705\" height=\"1000\"><\/iframe><![endif]><!--[if IE]><object width=\"705\" height=\"1000\" type=\"application\/pdf\" data=\"http:\/\/www.saachhuerens.de\/wp-content\/uploads\/2016\/11\/2016-09-12-2017-VK-JH-94.pdf\" class=\"pdf ie\">\n \n<div style=\"width:705;height:1000;text-align:center;background:#fff;color:#000;margin:0;border:0;padding:0\">Unable to display PDF<br \/><a href=\"http:\/\/www.saachhuerens.de\/wp-content\/uploads\/2016\/11\/2016-09-12-2017-VK-JH-94.pdf\">Click here to download<\/a><\/div>\n \n<\/object><![endif]--><\/p>\n<h3 style=\"text-align: center;\"><strong>Muttersprache, Mundart und \u201eSaach h\u00fcr ens\u201c Lohmar e.V.<\/strong><\/h3>\n<p>Es gab in unserem Land eine Zeit, da war das, was wir heute \u201eMundart\u201c nennen, durchaus die\u00a0 \u201eHochsprache\u201c des bei Weitem gr\u00f6\u00dften Teils der Bev\u00f6lkerung. Viele haben das mittlerweile vergessen. Der sogenannte \u201eeinfache Mann\u201c konnte sich in der Regel nur so \u00e4u\u00dfern, wie er es \u201eauf der Stra\u00dfe\u201c bzw. von seiner Mutter gelernt hatte. Daher der Name \u201eMuttersprache.<\/p>\n<p>Das ist lange her, und irgendwann kam die Zeit, da war es vor allem in der Schule verp\u00f6nt Mundart zu sprechen. \u201eDas tut man nicht! So spricht man nicht! Spreche gef\u00e4lligst Hochdeutsch!\u201c So oder so \u00e4hnlich wurde manch braver Sch\u00fcler in deutschen Klassen gema\u00dfregelt, der von zuhause die Sprache seiner Mutter, bzw. die der Region, aus der er stammte, sprach.<\/p>\n<p>Das f\u00fchrte dazu, dass die Mundart in den letzten Jahrzehnten immer mehr aus dem Sprachgebrauch nicht nur der deutschen Schulklassen sonder leider auch im Alltagsleben verschwand. Heute k\u00f6nnen die meisten Kinder keine Mundart mehr sprechen, und es besteht die berechtigte Gefahr, dass sie irgendwann einmal ausstirbt.<\/p>\n<p>Dem entgegenzuwirken und zur F\u00f6rderung und zum Erhalt der rheinischen Mundart beizutragen, hat sich vor zwei Jahren in Lohmar der Brauchtumsverein \u201cSaach h\u00fcr ens\u201c Lohmar e.V. gegr\u00fcndet.<\/p>\n<p>In Kooperation mit der Stadt Lohmar und seiner Musik- und Kunstschule k\u00f6nnen sich interessierte junge Menschen in der rheinischen Mundart unterrichten lassen und ihr Erlerntes bei verschiedenen Anl\u00e4ssen w\u00e4hrend des ganzen Jahres auf der B\u00fchne pr\u00e4sentieren. Nicht nur das Land NRW finanziert dieses Projekt durch seinen \u201eKulturrucksack\u201c, auch \u201eSaach h\u00fcr ens\u201c tr\u00e4gt als Verein einen nicht unerheblichen Teil dazu bei, dass junge Menschen in Lohmar wieder die Mundart der Region sprechen lernen und Spa\u00df daran haben. Diese Mundartgruppe hat es in den knapp zwei Jahren ihres Bestehens mittlerweile auf fast 60 Auftritte in Lohmar und der Region gebracht, und \u00fcberall sind die Sch\u00fcler\/innen gern gesehene, teilweise auch bestaunte G\u00e4ste bei Vereinsfeiern, Stadtfesten im Advent oder im Karneval.<\/p>\n<p>Seit Kurzem geht \u201cSaach h\u00fcr ens\u201c auch in Lohmarer Kinderg\u00e4rten, um schon mit den Kleinsten zu arbeiten und das mit gro\u00dfem Erfolg.<\/p>\n<p>Entgegen allen Einw\u00e4nden haben Forschungen in den letzten Jahren ergeben, dass es durchaus nicht verwerflich ist, Mundart zu k\u00f6nnen. Man wei\u00df mittlerweile, dass Kinder, die f\u00e4hig sind, Dialekt zu sprechen, in der Schule besser zurechtkommen. Sprachwissenschaftler haben nachgewiesen, dass der Lerneffekt der Arbeit mit der Mundart bei kleinen Kindern mit dazu beitr\u00e4gt, dass ihre Sprach-kompetenz verbessert wird, denn: \u201eDialekt macht klug.\u201c Kinder, die die Mundart ihrer Heimat sprechen, sind sp\u00e4ter besser in der Schule. Sie kennen mehr Ausdr\u00fccke und Begriffe als Kinder, die nur mit der hochdeutschen Sprache aufgewachsen sind. \u201eMundartkinder\u201c k\u00f6nnen sich besser ausdr\u00fccken und entwickeln eine buntere Sprache, denn: Sie m\u00fcssen zwischen Dialekt und Hochsprache hin- und herschalten.<\/p>\n<p>Aber damit nicht genug. \u201cSaach h\u00fcr ens\u201c e.V. ist auch bem\u00fcht, den Erwachsenen zu helfen, die rheinische Mundart zu pflegen und anzuwenden. Dies geschieht durch das Angebot in Workshops das \u201eKleine K\u00f6lsch-Diplom\u201c zu erwerben. Dazu werden Mitarbeiter der \u201eAkademie f\u00f6r uns k\u00f6lsche Spr\u00f4\u00f4ch\u201c engagiert. Ferner veranstaltet der Verein Mitsing-Abende mit rein k\u00f6lschen Liedern, und demn\u00e4chst wird es auch \u201eLoss m\u2019r schwaade \u00d4vende\u201c geben, so dass jeder, der \u201ek\u00f6lsch schwade will, ett bei uns im Verein och dunn kann.\u201c Dazu ist jeder ganz herzlich eingeladen.Vor zwei Jahren gegr\u00fcndet hat \u201eSaach h\u00fcr ens\u201c e .V. mittlerweile ca. 60 Mitglieder, die alle bei vereinseigenen Veranstaltungen in den Genuss von 20% Erm\u00e4\u00dfigung auf ihre Eintrittskarte kommen. Planungen f\u00fcr das kommende Jahr sind au\u00dfer den bereits genannten Veranstaltungen im Mai der Besuch des \u201eH\u00e4nneschen-Theaters\u201c in K\u00f6ln, f\u00fcr den es leider keine Karten mehr gibt.<\/p>\n<p>Am 29. Mai gibt es in Zusammenarbeit mit dem Dilettanten Verein Neuhonrath in deren Theater<\/p>\n<p>\u201eOp d\u2019r Baach\u201c ein Mundart-Konzert mit der Kultband \u201e Antweiler, Graf und Co\u201c, am 25. September den n\u00e4chsten \u201eMitsing-Abend\u201c mit Andreas Konrad und am 23. Januar 2016 die n\u00e4chste Kost\u00fcmsitzung in der Jabachhalle.<\/p>\n<p>\u201eSaach h\u00fcr ens\u201c Lohmar e.V. l\u00e4dt alle an der rheinischen Mundart Interessierten herzlich ein, bei den o.g. Veranstaltungen dabei zu sein und mitzumachen.<\/p>\n<p>\u00dcber neue Mitglieder freuen wir uns nat\u00fcrlich besonders.<\/p>\n<p><strong>Ihr \u201e Saach h\u00fcr ens\u201c Lohmar e.V.<\/strong><\/p>\n<h2 style=\"text-align: center;\"><strong>De Weihnachtsjeschichte op K\u00f6lsch<\/strong><\/h2>\n<h5 style=\"text-align: center;\">(Originaltext vumm <a href=\"http:\/\/de.wikipedia.org\/wiki\/Volker_Gr%C3%B6be\">Volker Gr\u00f6be<\/a>,<br \/>\nbearbeet in L\u00fchmere Mundart vumm Erwin Ru\u00dfkowski)<\/h5>\n<p style=\"text-align: center;\"><strong>Wie d\u2019r Engel Jabriel demm Marie ussenneen posementiert h\u00e4tt, <\/strong><br \/>\n<strong>datt ett e\u2018 Kingk kritt<\/strong><br \/>\n<strong>(nomm Lukas 1, 26 \u2013 38)<\/strong><\/p>\n<p>Em sechste M\u00f4\u00f4nt wood d\u2018r Engel Jabriel vumm Herrjott n\u00f4h Jallil\u00e4a en de Stadt Nazareth bee en Jungfrau jeschick.<br \/>\nDie woor ennemm Mann versproche, d\u00e4 vumm K\u00fcnnich David affstamme d\u00e4\u00e4t.<br \/>\nH\u00e4 hee\u00df Jupp unn sie Marie.<br \/>\nD\u2019r Engel k\u00f4\u00f4m bei eer innet Huus errinn unn saat: \u201eBess jejr\u00f6\u00f6\u00df, Marie. D\u2019r Herr h\u00e4tt dich besunders j\u00e4hn unn iss bei dir.\u201c Die Anred maat ett \u00e4rrech verschreck unn ett woor am \u00d6vverl\u00e4\u00e4je, watt d\u00e4 Jroo\u00df bed\u00fcgge sullt. D\u00f4 spr\u00f4\u00f4ch d\u2018r Engel zo imm: \u201eDo bruchs kinn Angs ze hann, Marie! Do h\u00e4ss beim Herrjott Jnaad jefunge. Do wiss e\u2018 Kingk unger dingem H\u00e4tze draare unn `ne Sunn op de Welt brenge. Demm sullste d\u00e4 Name \u201eJesus\u201c jevve. H\u00e4 witt ens `ne Jruu\u00dfe sinn unn \u201eSunn vumm H\u00fchkste\u201c jenannt w\u00e4\u00e4de. Jott, d\u2019r Herr, witt imm de Herrschaff vumm K\u00fcnnich David \u00f6vverdraare. H\u00e4 witt enn alle Zigge K\u00fcnnich sinn \u00f6vver datt Huus Jakob, unn sing Herrschaff witt kinn Eng hann.\u201c D\u00f4 saat ett Marie f\u00f6r d\u2019r Engel: \u201eWie sull datt jonn, wo ich doch noch jaarnix met ennem Mann ze dunn hatt?\u201c Unn d\u2019r Engel d\u00e4\u00e4t imm antwoorte: \u201eD\u2018r Hillijje Jees unn die Kraff vumm H\u00fchkste werden \u00f6vver dich kumme. D\u00f4r\u00fcmm witt och datt Hillijje, watt d\u00f4 jeb\u00f4\u00f4re witt, \u201eSunn Joddes\u201c jeroofe. Och ett Lisbeth, ding Verwandte, kritt en singem Alder noch enne Sunn unn datt, obwohl ett hee\u00df, ett k\u00fcnnt kee Kingk mieh kriejje; dobbei iss ett att im sechste M\u00f4\u00f4nt. F\u00f6r unsere Herrjott iss evvens nix unm\u00f6chlich.\u201c<\/p>\n<p>D\u00f4 saat ett Marie: \u201e J\u00f4, ich ben demm Herr sing treue Dienerin. Ett sull essu kumme, wie do ett jesaat h\u00e4ss.\u201c<\/p>\n<p><strong>D\u00f4nn\u00f4\u00f4h jing d\u2019er Engel vunn imm fott.<\/strong><\/p>\n<p style=\"text-align: center;\"><strong>Wie ett Krisskingk op de Welt k\u00f4\u00f4m<\/strong><br \/>\n<strong>(nomm Lukas 2, 1 \u2013 20)<\/strong><\/p>\n<p>D\u00f4m\u00f4\u00f4ls hatt d\u2019r Kaiser Aujustus befolle, datt sich all Minsche en singem Rich en St\u00fc\u00fcerliste endraare sullten. Ett woor ett ierschte M\u00f4\u00f4l, datt m\u2019r sujjett maat. Unn ett woor die Zick, wo d\u2019r Quirinius d\u2019r B\u00f6vverschte en Syrie woor. D\u00f4 trook jeder eene en sing Vatterstadt f\u00f6r sich endraare ze losse.<\/p>\n<p>Vunn Nazareth en Jallil\u00e4a uss maat sich och d\u2019r Jupp op d\u2018r W\u00e4\u00e4ch, f\u00f6r erropp n\u00f4 Bethlehem en Jud\u00e4a ze kumme. Datt iss die Stadt vumm David, vunn demm h\u00e4 affstammp.<br \/>\nH\u00e4 wullt sich d\u00f4 met singer Bruck, demm Marie, opschrieve losse. Ett Marie woor en \u201ejes\u00e4\u00e4nte \u00d6mmst\u00e4nd\u201c.<br \/>\nUnn wie se jraad d\u00f4 ahnk\u00f4\u00f4me, kr\u00e4\u00e4t datt Marie sing Kingk.<br \/>\nEtt hatt singe ierschte Sunn op de Welt jebraat. Ett d\u00e4\u00e4t en in Windelle wickelle unn in en Fooderkripp l\u00e4\u00e4je, weil im Jasshuus kinne Plaatz ze finge woor. In de N\u00f6h d\u00e4\u00e4ten in d\u2019r Naach Heete op ihr H\u00e4\u00e4de oppasse.<\/p>\n<p>Op eem\u00f4\u00f4l k\u00f4\u00f4m ne Engel vumm Herrjott op se ahn unn demm Herr singe helle Jlanz d\u00e4\u00e4t \u00f6m se err\u00f6mm strahle. Se w\u00f4\u00f4ren duud f\u00f6r Schreck unn kr\u00e4\u00e4ten ett met d\u2019r Angs ze dunn. \u00c4vver d\u2019r Engel saat inne: \u201eHatt kinn Angs. Ich verk\u00fcnden \u00fcch unn alle Minsche en juu\u00dfe Freud. H\u00fcck iss en d\u2019r Stadt vumm David d\u2019r Retter jeb\u00f4\u00f4re; h\u00e4 iss d\u2019r Messias, d\u2019r Herr.<br \/>\nUnn datt sull f\u00f6r \u00fcch e Zeichen sinn: Ihr k\u00fcnnt d\u00f4 hingen im Stall enne kleene \u201eDitz\u201c finge, der in n\u2018r Kripp litt.\u201c Unn op eem\u00f4\u00f4l woor bei demm Engel en janze Heerd vunn himmlische Heerschare, die d\u00e4\u00e4ten der Herr lovven unn saren: \u00a0\u201e Jott im Himmel jeh\u00fc\u00fcrt die Iehr, unn op d\u2018r \u00c4\u00e4d iss Fredde\u00a0bei de Minsche,\u00a0die h\u00e4 j\u00e4hn h\u00e4tt.<\/p>\n<p>Wie die Engel widder fott wooren, saaten die Heete f\u00f6renneen: \u201e Junge, kutt! Mir jonn n\u00f4 Bethlehem. Loss m\u2019r luure, watt d\u00f4 passeet iss unn watt d\u2019r Herr uns h\u00e4tt saare losse.\u201c Su sinn se fl\u00f6ck hinjeloofe unn fungen ett Marie, d\u2019r Jupp unn och datt \u201eKrisskingkche, watt in d\u2019r Kripp l\u00f4\u00f4ch. Unn wie se datt jesinn hatten, hann se wigger verzallt, watt inne \u00f6vver datt Kingk jesaat woode woor. Unn all die L\u00fcck, die datt hooten, d\u00e4\u00e4ten sich wundere \u00f6vver die W\u00f6\u00f6rt vunn de Heete. \u00c4vver datt Marie d\u00e4\u00e4t sich alles joot em H\u00e4tze verwahre unn ett d\u00e4\u00e4t dr\u00fcvver n\u00f4hdenke. Die Heete jingke zor\u00f6ck bei ihr Diere unn d\u00e4\u00e4ten Jott priese unn lovve f\u00f6r all datt, watt se jehoot unn jesinn hatten.<\/p>\n<p><strong>Ett woor jenau essu, wie ett inne jesaat woode woor.<\/strong><\/p>\n<h2 style=\"text-align: center;\">\u201eEtt Johr jeht vorbei\u201c<\/h2>\n<p style=\"text-align: center;\">(Ein Mundartgedicht von E. Ru\u00dfkowski)<\/p>\n<h4 style=\"text-align: center;\"><strong>D\u2019r Herbs iss d\u00f4, m\u2018r jl\u00f6\u00f6v ett koom<\/strong><br \/>\n<strong>bungk em B\u00f6sch is jeder Boom.<\/strong><br \/>\n<strong>Duurt nimmieh lang, j\u00f4 datt iss bahl, <\/strong><br \/>\n<strong>dann sinn die B\u00f6\u00f6m em B\u00f6sch janz kahl.<\/strong><\/h4>\n<h4 style=\"text-align: center;\"><strong>Die Zick d\u00f4 drop iss nass unn jrau.<\/strong><br \/>\n<strong>M\u2018r bliev jetz j\u00e4hn in singem Bau.<\/strong><br \/>\n<strong>November, j\u00f4 datt iss esu,<\/strong><br \/>\n<strong>m\u00e4\u00e4t de Minsche nitt jrad fruh.<\/strong><\/h4>\n<h4 style=\"text-align: center;\"><strong>Doch bahl k\u00fctt die Zick, die jeder kennt.<\/strong><br \/>\n<strong>Datt iss der herrliche Advent.<\/strong><br \/>\n<strong>Die P\u00e4nz, die sinn jespannt wie jeck<\/strong><br \/>\n<strong>unn freu\u2019n sich op die Weihnachtszick.<\/strong><\/h4>\n<h4 style=\"text-align: center;\"><strong>In jedem Huus r\u00fcch ett n\u00f4h Pl\u00e4tz\u2018che <\/strong><br \/>\n<strong>unn an d\u2019r Heizung litt ett K\u00e4tz\u2018che. <\/strong><br \/>\n<strong>In Stadt unn D\u00f6rp stonn dann die B\u00f6\u00f6m<\/strong><br \/>\n<strong>im Weihnachtsjlanz \u2026iss datt nitt sch\u00f6n?<\/strong><\/h4>\n<h4 style=\"text-align: center;\"><strong>Die L\u00fcck, se rennen durch de Str\u00f4\u00f4\u00dfe,<\/strong><br \/>\n<strong>m\u2019r will sich j\u00f4 nitt lumpe l\u00f4\u00f4\u00dfe<\/strong><br \/>\n<strong>F\u00fcr\u2018t Krisskingk witt ett h\u00f6chste Zick.<\/strong><br \/>\n<strong>Datt k\u00fctt jetz bahl: Ett iss su wick.<\/strong><\/h4>\n<h4 style=\"text-align: center;\"><strong>Dr\u00f6mm freut \u00dcch, L\u00fcck! Sitt widder P\u00e4nz!<\/strong><br \/>\n<strong>Mit jeder K\u00e4\u00e4z an \u00dchre Kr\u00e4nz<\/strong><br \/>\n<strong>k\u00fctt n\u00f6her, j\u00f4 datt iss jewiss,<\/strong><br \/>\n<strong>ett sch\u00f6nste Fess mimm \u201eHilijje Kriss\u201c.<\/strong><\/h4>\n<h4 style=\"text-align: center;\"><strong>Dann kutt zur Rauh \u2026unn doot ussspanne.<\/strong><br \/>\n<strong>Jenee\u00dft die Saache uss de Panne<\/strong><br \/>\n<strong>off Puter, Jans oder Kanning<\/strong><br \/>\n<strong>mit Limo, K\u00f6lsch, \u2026nemm Jl\u00e4s\u2018che Wing\u2026<\/strong><\/h4>\n<h4 style=\"text-align: center;\"><strong>\u2026 E Johr jeht vill zo schnell err\u00fcmm.<\/strong><br \/>\n<strong>Wo bliev die Zick, wo iss se hin?<\/strong><br \/>\n<strong>Jrad\u2018 noch Adventsduff \u00f6vverall<\/strong><br \/>\n<strong> unn bahl iss widder Karneval.<\/strong><\/h4>\n<h2 style=\"text-align: center;\"><\/h2>\n<h1><\/h1>\n<h1><em>Wo sinn die Pattev\u00fcjjel?<\/em><\/h1>\n<h2 style=\"text-align: justify;\"><em>Ett j\u00f4\u00f4v en Zick he bei uns in Luhme, d\u00f4 wooren die P\u00e4nz su Ahnfang\u00a0 September &#8211; alsu kuurt n\u00f4 de Kirmes &#8211;\u00a0 nitt mieh zo bremse.<\/em><\/h2>\n<h2 style=\"text-align: justify;\"><em>Ett Koorn woor op de Felder jeerntet, unn datt d\u00e4\u00e4t bed\u00fcgge, datt m\u2018r jetz enne Pattevujjel hann m\u00f4\u00f4t.<\/em><\/h2>\n<h2 style=\"text-align: justify;\"><em>De Papp wutt jefr\u00f4\u00f4ch, op h\u00e4 noch e par Tapete-Lieste \u00f6vvrich h\u00e4tt f\u00f6r der Rahme vunn demm \u201eVurel\u201c, \u00a0unn bei d\u2019r Mamm kr\u00e4\u00e4t m\u2018r jett Mell, \u00f6mm d\u00f4mit der Kleister ahnzor\u00fchre, denn m\u2019r m\u00f4\u00f4t j\u00f4 datt Bastelpapier, datt m\u2018r och f\u00f6r die Martinslateern bruche kunnt, irjendswie fasskl\u00e4vve k\u00fcnne. Der Stetz vunn demm V\u00fcjjelche woor e lang St\u00fcck Koort, an datt m\u2019r in jlichm\u00e4\u00dfijje Affst\u00e4nd zesammejekn\u00fcllt Zeedungspapier fassbinge d\u00e4\u00e4t. Ett woor manches M\u00f4\u00f4l e hatt St\u00fcck Arbeet. \u00c4vver wann der Pattevurel dann f\u00e4dich woor, woor m\u2018r als Panz\u00a0 och janz sch\u00f6n stolz op sing Werk, unn dann jing et op ett n\u00e4chste Stoppelfeld. De Fr\u00fcnde wooren all met dobbei unn hatten och ihre eejene \u201eVurel\u201c.<\/em><\/h2>\n<h2 style=\"text-align: justify;\"><em>Weil de Herbs j\u00f4 nitt mieh wigg weg woor, j\u00f4\u00f4v ett miehstens och d\u00e4 n\u00fcdijje Wingk, unn die sch\u00f6ne Pattev\u00fcjjel, die off och noch e\u00a0 Jeseech hatten unn verschmitz jrinse d\u00e4\u00e4ten, d\u00e4\u00e4ten herrlich huh opsteeje unn im Wingk danze. N\u00e4, watt woor datt en Freud!<\/em><\/h2>\n<h2 style=\"text-align: justify;\"><em>Su mach eener vunn der Ahle, die datt als Panz fr\u00f6her erl\u00e4\u00e4v hann, fr\u00f6\u00f6ch sich h\u00fcck: \u201eWo sinn die Pattev\u00fcjjel?\u201c<\/em><\/h2>\n<h2 style=\"text-align: justify;\"><em>Ett jitt se am Himmel vunn Luhme nitt mieh. Se sinn wohl demm Fortschritt zomm Opfer jefalle.<\/em><\/h2>\n<h2 style=\"text-align: justify;\"><em>Pattev\u00fcjjel kannste evvens nitt im Computer baue.<\/em><\/h2>\n<h2 style=\"text-align: justify;\"><em>Eejentlich schad!<\/em><\/h2>\n<h3 style=\"text-align: justify;\"><strong><em>E. Ru\u00dfkowski<\/em><\/strong><\/h3>\n","protected":false},"excerpt":{"rendered":"<p>D\u00e4 Adventskranz Vier K\u00e4\u00e4tze d\u00e4ten am Adventskranz brenne. Ett woor janz still &#8211; e&#8216; su still, datt m&#8216; r h\u00fcre&hellip;<\/p>\n","protected":false},"author":1,"featured_media":0,"parent":0,"menu_order":0,"comment_status":"closed","ping_status":"closed","template":"","meta":{"footnotes":""},"class_list":["post-54","page","type-page","status-publish","hentry"],"_links":{"self":[{"href":"http:\/\/www.saachhuerens.de\/index.php?rest_route=\/wp\/v2\/pages\/54","targetHints":{"allow":["GET"]}}],"collection":[{"href":"http:\/\/www.saachhuerens.de\/index.php?rest_route=\/wp\/v2\/pages"}],"about":[{"href":"http:\/\/www.saachhuerens.de\/index.php?rest_route=\/wp\/v2\/types\/page"}],"author":[{"embeddable":true,"href":"http:\/\/www.saachhuerens.de\/index.php?rest_route=\/wp\/v2\/users\/1"}],"replies":[{"embeddable":true,"href":"http:\/\/www.saachhuerens.de\/index.php?rest_route=%2Fwp%2Fv2%2Fcomments&post=54"}],"version-history":[{"count":31,"href":"http:\/\/www.saachhuerens.de\/index.php?rest_route=\/wp\/v2\/pages\/54\/revisions"}],"predecessor-version":[{"id":3203,"href":"http:\/\/www.saachhuerens.de\/index.php?rest_route=\/wp\/v2\/pages\/54\/revisions\/3203"}],"wp:attachment":[{"href":"http:\/\/www.saachhuerens.de\/index.php?rest_route=%2Fwp%2Fv2%2Fmedia&parent=54"}],"curies":[{"name":"wp","href":"https:\/\/api.w.org\/{rel}","templated":true}]}}